{"id":3308,"date":"2025-06-16T12:22:19","date_gmt":"2025-06-16T12:22:19","guid":{"rendered":"https:\/\/repository.volare-project.eu\/repository\/"},"modified":"2025-07-09T14:58:19","modified_gmt":"2025-07-09T14:58:19","slug":"repository","status":"publish","type":"page","link":"https:\/\/repository.volare-project.eu\/fr\/repository\/","title":{"rendered":"D\u00e9p\u00f4t"},"content":{"rendered":"\t<div class=\"repo-archive-container\">\r\n\t\t<div class=\"container-fluid\">\r\n\r\n\t\t\t<div class=\"row\">\r\n\r\n\t\t\t\t\t\t\t\t\t<header class=\"page-header\">\r\n\t\t\t\t\t\t<h1 class=\"page-title\">D\u00e9p\u00f4t<\/h1>\r\n\t\t\t\t\t<\/header><!-- .page-header -->\r\n\t\t\t\t\t\r\n\t\t\t\t\t<div class=\"filter-area container-fluid\">\r\n\t\t\t\t\t\t<div class=\"row\">\t\t\t\r\n\t\t\t\t\t\t\t<div class=\"col-sm-6 col-lg-5 col-xl-3 filter-col\">\r\n\t\t\t\t\t\t\t\t<div id=\"reset_button\" class=\"reset-container\">\r\n\t\t\t\t\t\t\t\t\t<svg width=\"17\" height=\"17\" viewBox=\"0 0 17 17\" fill=\"none\" xmlns=\"http:\/\/www.w3.org\/2000\/svg\">\r\n\t\t\t\t\t\t\t\t\t\t<path d=\"M8.50001 14.1668C6.91807 14.1668 5.57814 13.6179 4.48022 12.52C3.3823 11.422 2.83334 10.0821 2.83334 8.50016C2.83334 6.91822 3.3823 5.57829 4.48022 4.48037C5.57814 3.38245 6.91807 2.8335 8.50001 2.8335C9.31459 2.8335 10.0938 3.00173 10.8375 3.33818C11.5813 3.67464 12.2188 4.15572 12.75 4.78141V2.8335H14.1667V7.79183H9.20834V6.37516H12.1833C11.8056 5.71405 11.2891 5.19461 10.6339 4.81683C9.97866 4.43905 9.26737 4.25016 8.50001 4.25016C7.31945 4.25016 6.31598 4.66336 5.48959 5.48975C4.6632 6.31613 4.25001 7.31961 4.25001 8.50016C4.25001 9.68072 4.6632 10.6842 5.48959 11.5106C6.31598 12.337 7.31945 12.7502 8.50001 12.7502C9.40904 12.7502 10.2295 12.4904 10.9615 11.971C11.6934 11.4516 12.207 10.7668 12.5021 9.91683H13.9896C13.659 11.1682 12.9861 12.1894 11.9708 12.9804C10.9556 13.7713 9.79862 14.1668 8.50001 14.1668Z\" fill=\"black\">\r\n\t\t\t\t\t\t\t\t\t<\/svg> \r\n\t\t\t\t\t\t\t\t\tEffacer les filtres\t\t\t\t\t\t\t\t<\/div>\r\n\t\t\t\t\t\t\t\t<div class=\"filter-container\">\r\n\t\t\t\t\t\t\t\t\t<div class=\"row\">\r\n\t\t\t\t\t\t\t\t\t\t<div class=\"col-md-12\">\r\n\t\t\t\t\t\t\t\t\t\t\t<div class=\"filter-inner\">\r\n\t\t\t\t\t\t\t\t\t\t\t\t<button class=\"btn filter-btn\" type=\"submit\" id=\"searchsubmit\">\r\n\t\t\t\t\t\t\t\t\t\t\t\t\tFiltre\t\t\t\t\t\t\t\t\t\t\t\t<\/button>\r\n\t\t\t\t\t\t\t\t\t\t\t<\/div>\r\n\t\t\t\t\t\t\t\t\t\t<\/div>\r\n\t\t\t\t\t\t\t\t\t\t\r\n\t\t\t\t\t\t\t\t\t\t \r\n\t\t\t\t\t\t\t\t\t\t\t\r\n\t\t\t\t\t\t\t\t\t\t\t\t\t\t\t\t\t\t\t\t\t\t<div class=\"cat-group-container checkbox-wrapper\" data-wrapper=\"entry_category\">\r\n\t\t\t\t\t\t\t\t\t\t\t\t\r\n\t\t\t\t\t\t\t\t\t\t\t\t<div class=\"cat-checkbox-container parentcat-checkbox-container\">\r\n\t\t\t\t\t\t\t\t\t\t\t\t\t<div class=\"cat-group-title\">\r\n\t\t\t\t\t\t\t\t\t\t\t\t\t\t<div class=\"select-arrow\">\r\n\t\t\t\t\t\t\t\t\t\t\t\t\t\t\t<span class=\"button\">\r\n\t\t\t\t\t\t\t\t\t\t\t\t\t\t\t\t<svg xmlns=\"http:\/\/www.w3.org\/2000\/svg\" width=\"16\" height=\"16\" fill=\"currentColor\" class=\"bi bi-chevron-down\" viewBox=\"0 0 16 16\">\r\n\t\t\t\t\t\t\t\t\t\t\t\t\t\t\t\t\t<path fill-rule=\"evenodd\" d=\"M1.646 4.646a.5.5 0 0 1 .708 0L8 10.293l5.646-5.647a.5.5 0 0 1 .708.708l-6 6a.5.5 0 0 1-.708 0l-6-6a.5.5 0 0 1 0-.708z\"><\/path>\r\n\t\t\t\t\t\t\t\t\t\t\t\t\t\t\t\t<\/svg>\r\n\t\t\t\t\t\t\t\t\t\t\t\t\t\t\t<\/span>\r\n\t\t\t\t\t\t\t\t\t\t\t\t\t\t<\/div>\r\n\t\t\t\t\t\t\t\t\t\t\t\t\t\t<h5>Cat\u00e9gories<\/h5>\r\n\t\t\t\t\t\t\t\t\t\t\t\t\t\t<div class=\"cat-selected-options\"><\/div>\r\n\t\t\t\t\t\t\t\t\t\t\t\t\t<\/div>\r\n\t\t\t\t\t\t\t\t\t\t\t\t\t<div class=\"cat-checkbox-list\">\t\t\r\n\t\t\t\t\t\t\t\t\t\t\t\t\t\t<div class=\"checkbox-item cat-753\" data-id=\"753\" data-toggle=\"776\" data-tax=\"entry_category\"><label><\/label><span>Assistance psychologique\/Int\u00e9gration et inclusion<\/span><\/div><div class=\"checkbox-item cat-754\" data-id=\"754\" data-toggle=\"244\" data-tax=\"entry_category\"><label><\/label><span>Compr\u00e9hension interculturel et m\u00e9diation \u00e9ducative<\/span><\/div><div class=\"checkbox-item cat-744\" data-id=\"744\" data-toggle=\"234\" data-tax=\"entry_category\"><label><\/label><span>Conflit, d\u00e9placement et asile<\/span><\/div><div class=\"checkbox-item cat-746\" data-id=\"746\" data-toggle=\"236\" data-tax=\"entry_category\"><label><\/label><span>Enfants et jeunes en migration<\/span><\/div><div class=\"checkbox-item cat-755\" data-id=\"755\" data-toggle=\"245\" data-tax=\"entry_category\"><label><\/label><span>Expression artistique et intervention<\/span><\/div><div class=\"checkbox-item cat-747\" data-id=\"747\" data-toggle=\"237\" data-tax=\"entry_category\"><label><\/label><span>Genre et vuln\u00e9rabilit\u00e9<\/span><\/div><div class=\"checkbox-item cat-748\" data-id=\"748\" data-toggle=\"238\" data-tax=\"entry_category\"><label><\/label><span>Justice sociale et droits humains dans l\u2019\u00e9ducation<\/span><\/div><div class=\"checkbox-item cat-752\" data-id=\"752\" data-toggle=\"242\" data-tax=\"entry_category\"><label><\/label><span>Langue, litt\u00e9ratie et multilinguisme<\/span><\/div><div class=\"checkbox-item cat-745\" data-id=\"745\" data-toggle=\"235\" data-tax=\"entry_category\"><label><\/label><span>Parcours migratoires<\/span><\/div><div class=\"checkbox-item cat-749\" data-id=\"749\" data-toggle=\"239\" data-tax=\"entry_category\"><label><\/label><span>Politiques et cadres juridiques<\/span><\/div><div class=\"checkbox-item cat-751\" data-id=\"751\" data-toggle=\"241\" data-tax=\"entry_category\"><label><\/label><span>Pratiques \u00e9ducatives et p\u00e9dagogies \/ formation des enseignants<\/span><\/div><div class=\"checkbox-item cat-756\" data-id=\"756\" data-toggle=\"246\" data-tax=\"entry_category\"><label><\/label><span>Projets et initiatives communautaires<\/span><\/div><div class=\"checkbox-item cat-750\" data-id=\"750\" data-toggle=\"240\" data-tax=\"entry_category\"><label><\/label><span>Syst\u00e8mes \u00e9ducatifs et scolarisation<\/span><\/div>\t\t\t\t\t\t\t\t\t\t\t\t\t<\/div>\r\n\t\t\t\t\t\t\t\t\t\t\t\t\t\r\n\t\t\t\t\t\t\t\t\t\t\t\t<\/div>\r\n\t\t\t\t\t\t\t\r\n\t\t\t\t\t\t\t\t\t\t\t\t\r\n\t\t\t\t\t\t\t\t\t\t\t<\/div>\r\n\t\t\t\t\t\t\t\t\t\t\t\t\t\t\t\t\t\t\t\t\r\n\t\t\t\t\t\t\t\t\t\t \r\n\t\t\t\t\t\t\t\t\t\t\t<div class=\"cat-group-container checkbox-wrapper\" data-wrapper=\"entry_type\">\r\n\t\t\t\t\t\t\t\t\t\t\t\t\r\n\t\t\t\t\t\t\t\t\t\t\t\t<div class=\"cat-checkbox-container parentcat-checkbox-container\">\r\n\t\t\t\t\t\t\t\t\t\t\t\t\t<div class=\"cat-group-title\">\r\n\t\t\t\t\t\t\t\t\t\t\t\t\t\t<div class=\"select-arrow\">\r\n\t\t\t\t\t\t\t\t\t\t\t\t\t\t\t<span class=\"button\">\r\n\t\t\t\t\t\t\t\t\t\t\t\t\t\t\t\t<svg xmlns=\"http:\/\/www.w3.org\/2000\/svg\" width=\"16\" height=\"16\" fill=\"currentColor\" class=\"bi bi-chevron-down\" viewBox=\"0 0 16 16\">\r\n\t\t\t\t\t\t\t\t\t\t\t\t\t\t\t\t\t<path fill-rule=\"evenodd\" d=\"M1.646 4.646a.5.5 0 0 1 .708 0L8 10.293l5.646-5.647a.5.5 0 0 1 .708.708l-6 6a.5.5 0 0 1-.708 0l-6-6a.5.5 0 0 1 0-.708z\"><\/path>\r\n\t\t\t\t\t\t\t\t\t\t\t\t\t\t\t\t<\/svg>\r\n\t\t\t\t\t\t\t\t\t\t\t\t\t\t\t<\/span>\r\n\t\t\t\t\t\t\t\t\t\t\t\t\t\t<\/div>\r\n\t\t\t\t\t\t\t\t\t\t\t\t\t\t<h5>Esp\u00e8ces<\/h5>\r\n\t\t\t\t\t\t\t\t\t\t\t\t\t\t<div class=\"cat-selected-options\"><\/div>\r\n\t\t\t\t\t\t\t\t\t\t\t\t\t<\/div>\r\n\t\t\t\t\t\t\t\t\t\t\t\t\t<div class=\"cat-checkbox-list\">\t\t\r\n\t\t\t\t\t\t\t\t\t\t\t\t\t\t<div class=\"checkbox-group\"><div class=\"checkbox-item checkbox-parent cat-667\" data-id=\"667\" data-tax=\"entry_type\"><label><\/label><span>Contenus audio<\/span><\/div><div class=\"checkbox-item checkbox-child cat-700\" data-id=\"700\" data-tax=\"entry_type\"><label><\/label><span>Chansons<\/span><\/div><div class=\"checkbox-item checkbox-child cat-699\" data-id=\"699\" data-tax=\"entry_type\"><label><\/label><span>Podcast<\/span><\/div><\/div><div class=\"checkbox-group\"><div class=\"checkbox-item checkbox-parent cat-663\" data-id=\"663\" data-tax=\"entry_type\"><label><\/label><span>Films &amp; M\u00e9dias visuels<\/span><\/div><div class=\"checkbox-item checkbox-child cat-683\" data-id=\"683\" data-tax=\"entry_type\"><label><\/label><span>Court-m\u00e9trage d\u2019animation<\/span><\/div><div class=\"checkbox-item checkbox-child cat-680\" data-id=\"680\" data-tax=\"entry_type\"><label><\/label><span>Documentaire<\/span><\/div><div class=\"checkbox-item checkbox-child cat-679\" data-id=\"679\" data-tax=\"entry_type\"><label><\/label><span>Film<\/span><\/div><div class=\"checkbox-item checkbox-child cat-686\" data-id=\"686\" data-tax=\"entry_type\"><label><\/label><span>Vid\u00e9o<\/span><\/div><\/div><div class=\"checkbox-group\"><div class=\"checkbox-item checkbox-parent cat-662\" data-id=\"662\" data-tax=\"entry_type\"><label><\/label><span>Livres &amp; Mat\u00e9riel \u00e9crit<\/span><\/div><div class=\"checkbox-item checkbox-child cat-674\" data-id=\"674\" data-tax=\"entry_type\"><label><\/label><span>Article<\/span><\/div><div class=\"checkbox-item checkbox-child cat-671\" data-id=\"671\" data-tax=\"entry_type\"><label><\/label><span>Chapitre de livre<\/span><\/div><div class=\"checkbox-item checkbox-child cat-669\" data-id=\"669\" data-tax=\"entry_type\"><label><\/label><span>Livre<\/span><\/div><\/div><div class=\"checkbox-group\"><div class=\"checkbox-item checkbox-parent cat-665\" data-id=\"665\" data-tax=\"entry_type\"><label><\/label><span>M\u00e9dias interactifs &amp; num\u00e9riques<\/span><\/div><div class=\"checkbox-item checkbox-child cat-693\" data-id=\"693\" data-tax=\"entry_type\"><label><\/label><span>Site web<\/span><\/div><\/div><div class=\"checkbox-group\"><div class=\"checkbox-item checkbox-parent cat-666\" data-id=\"666\" data-tax=\"entry_type\"><label><\/label><span>T\u00e9moignages &amp; Contenus \u00e9ducatifs<\/span><\/div><div class=\"checkbox-item checkbox-child cat-695\" data-id=\"695\" data-tax=\"entry_type\"><label><\/label><span>T\u00e9moignages \u2013 vid\u00e9o<\/span><\/div><\/div>\t\t\t\t\t\t\t\t\t\t\t\t\t<\/div>\t\r\n\t\t\t\t\t\t\t\t\t\t\t\t<\/div>\t\t\t\t\t\t\t\t\r\n\t\t\t\t\t\t\t\t\t\t\t\t\r\n\t\t\t\t\t\t\t\t\t\t\t<\/div>\r\n\t\t\t\t\t\t\t\t\t\t\t\t\t\t\t\t\t\t\t\t<div class=\"col-md-12\">\r\n\t\t\t\t\t\t\t\t\t\t\t<div class=\"filter-inner\">\r\n\t\t\t\t\t\t\t\t\t\t\t\t<h5>Recherche de texte<\/h5>\r\n\t\t\t\t\t\t\t\t\t\t\t\t<input class=\"field form-control search-input\" id=\"filter_search\" name=\"s\" type=\"text\"\r\n\t\t\t\t\t\t\t\t\t\t\t\t\tplaceholder=\"Recherche ...\" value=\"\">\r\n\t\t\t\t\t\t\t\t\t\t\t<\/div>\r\n\t\t\t\t\t\t\t\t\t\t<\/div>\r\n\t\t\t\t\t\t\t\t\t<\/div>\r\n\t\t\t\t\t\t\t\t<\/div>\r\n\t\t\t\t\t\t\t<\/div>\r\n\t\t\t\t\t\t\t\r\n\t\t\t\t\t\t\t<div class=\"col-sm-6 col-lg-7 col-xl-9 items-col\">\r\n\t\t\t\t\t\t\t\t<div id=\"asset_list_container\" class=\"row\">\r\n\t\t\t\t\t\t\t\t\t\t\t\t\t\t\t\t\t\t\t\r\n\t\t\t\t\t\t\t\t\t\t<div class=\"col-sm-12 col-md-12 col-lg-6 col-xl-4 rep-item-container\">\t\t\t\t\t\t\t\t\t\r\n\t\t\t\t\t\t\t\t\t\t\t<article class=\"post-3854 item type-item status-publish hentry entry_category-comprehension-interculturel-et-mediation-educative entry_category-pratiques-educatives-et-pedagogies-formation-des-enseignants entry_type-podcast-contenus-audio entry_tag-homepodcasts content_language-grec\" id=\"post-3854\">\r\n\t\t\t\t\t\t\t\t\t\t\t\t<div class=\"row\">\t\t\t\r\n\t\t\t\t\t\t\t\t\t\t\t\t\t<div class=\"col-md-4\">\r\n\t\t\t\t\t\t\t\t\t\t\t\t\t\t\t\t\t\t\t\t\t\t\t\t\t\t\t\t\t\t\t\t\t\t\t\t\t\r\n\t\t\t\t\t\t\t\t\t\t\t\t\t\t\t\t<img decoding=\"async\" class=\"type-icon\" src=\"https:\/\/repository.volare-project.eu\/wp-content\/uploads\/2025\/05\/ICON-Audio-Content_-B.png\">\r\n\t\t\t\t\t\t\t\t\t\t\t\t\t\t\t\t\t\t\t\t\t\t\t\t\t\t\t<\/div>\r\n\t\t\t\t\t\t\t\t\t\t\t\t\t<div class=\"col-md-8\">\r\n\t\t\t\t\t\t\t\t\t\t\t\t\t\t<header class=\"entry-header\">\r\n\t\t\t\t\t\t\t\t\t\t\t\t\t\t\t<a href=\"https:\/\/repository.volare-project.eu\/fr\/item\/life-narratives\/\"><h2 class=\"item-title\">Life narratives<\/h2><\/a>\r\n\t\t\t\t\t\t\t\t\t\t\t\t\t\t\t<a class=\"item-type\" href=\"https:\/\/repository.volare-project.eu\/fr\/entry_type\/podcast-contenus-audio\/\">Podcast<\/a>\t\t\t\t\t\t\t\t\t\t\t\t\t\t<\/header><!-- .entry-header -->\r\n\r\n\t\t\t\t\t\t\t\t\t\t\t\t\t\t<div class=\"entry-content\">\r\n\t\t\t\t\t\t\t\t\t\t\t\t\t\t\t<a class=\"excerpt\" href=\"https:\/\/repository.volare-project.eu\/fr\/item\/life-narratives\/\">Life narratives<\/a>\t\t\t\t\t\t\t\t\t\t\t\t\t\t<\/div><!-- .entry-content -->\r\n\t\t\t\t\t\t\t\t\t\t\t\t\t\t<div class=\"item-info-bottom\">\r\n\t\t\t\t\t\t\t\t\t\t\t\t\t\t\t<div class=\"post-cats\">\r\n\t\t\t\t\t\t\t\t\t\t\t\t\t\t\t\t<i class=\"fa-regular fa-folder-closed\"><\/i><a href=\"https:\/\/repository.volare-project.eu\/fr\/entry_category\/comprehension-interculturel-et-mediation-educative\/\">Compr\u00e9hension interculturel et m\u00e9diation \u00e9ducative<\/a>, <a href=\"https:\/\/repository.volare-project.eu\/fr\/entry_category\/pratiques-educatives-et-pedagogies-formation-des-enseignants\/\">Pratiques \u00e9ducatives et p\u00e9dagogies \/ formation des enseignants<\/a>\t\t\t\t\t\t\t\t\t\t\t\t\t\t\t<\/div>\r\n\t\t\t\t\t\t\t\t\t\t\t\t\t\t<\/div>\r\n\t\t\t\t\t\t\t\t\t\t\t\t\t<\/div>\r\n\t\t\t\t\t\t\t\t\t\t\t\t<\/div>\r\n\t\t\t\t\t\t\t\t\t\t\t<\/article><!-- #post-3854 -->\r\n\t\t\t\t\t\t\t\t\t\t<\/div>\r\n\t\t\t\t\t\t\t\t\t\t\t\t\t\t\t\t\t\t\t\r\n\t\t\t\t\t\t\t\t\t\t<div class=\"col-sm-12 col-md-12 col-lg-6 col-xl-4 rep-item-container\">\t\t\t\t\t\t\t\t\t\r\n\t\t\t\t\t\t\t\t\t\t\t<article class=\"post-3845 item type-item status-publish hentry entry_category-comprehension-interculturel-et-mediation-educative entry_category-expression-artistique-et-intervention entry_category-projets-et-initiatives-communautaires entry_type-podcast-contenus-audio entry_tag-homepodcasts content_language-grec\" id=\"post-3845\">\r\n\t\t\t\t\t\t\t\t\t\t\t\t<div class=\"row\">\t\t\t\r\n\t\t\t\t\t\t\t\t\t\t\t\t\t<div class=\"col-md-4\">\r\n\t\t\t\t\t\t\t\t\t\t\t\t\t\t\t\t\t\t\t\t\t\t\t\t\t\t\t\t\t\t\t\t\t\t\t\t\t\r\n\t\t\t\t\t\t\t\t\t\t\t\t\t\t\t\t<img decoding=\"async\" class=\"type-icon\" src=\"https:\/\/repository.volare-project.eu\/wp-content\/uploads\/2025\/05\/ICON-Audio-Content_-B.png\">\r\n\t\t\t\t\t\t\t\t\t\t\t\t\t\t\t\t\t\t\t\t\t\t\t\t\t\t\t<\/div>\r\n\t\t\t\t\t\t\t\t\t\t\t\t\t<div class=\"col-md-8\">\r\n\t\t\t\t\t\t\t\t\t\t\t\t\t\t<header class=\"entry-header\">\r\n\t\t\t\t\t\t\t\t\t\t\t\t\t\t\t<a href=\"https:\/\/repository.volare-project.eu\/fr\/item\/the-excluded-at-the-center-of-the-creative-process\/\"><h2 class=\"item-title\">The excluded at the center of the creative process<\/h2><\/a>\r\n\t\t\t\t\t\t\t\t\t\t\t\t\t\t\t<a class=\"item-type\" href=\"https:\/\/repository.volare-project.eu\/fr\/entry_type\/podcast-contenus-audio\/\">Podcast<\/a>\t\t\t\t\t\t\t\t\t\t\t\t\t\t<\/header><!-- .entry-header -->\r\n\r\n\t\t\t\t\t\t\t\t\t\t\t\t\t\t<div class=\"entry-content\">\r\n\t\t\t\t\t\t\t\t\t\t\t\t\t\t\t<a class=\"excerpt\" href=\"https:\/\/repository.volare-project.eu\/fr\/item\/the-excluded-at-the-center-of-the-creative-process\/\">The excluded at the center of the creative process<\/a>\t\t\t\t\t\t\t\t\t\t\t\t\t\t<\/div><!-- .entry-content -->\r\n\t\t\t\t\t\t\t\t\t\t\t\t\t\t<div class=\"item-info-bottom\">\r\n\t\t\t\t\t\t\t\t\t\t\t\t\t\t\t<div class=\"post-cats\">\r\n\t\t\t\t\t\t\t\t\t\t\t\t\t\t\t\t<i class=\"fa-regular fa-folder-closed\"><\/i><a href=\"https:\/\/repository.volare-project.eu\/fr\/entry_category\/comprehension-interculturel-et-mediation-educative\/\">Compr\u00e9hension interculturel et m\u00e9diation \u00e9ducative<\/a>, <a href=\"https:\/\/repository.volare-project.eu\/fr\/entry_category\/expression-artistique-et-intervention\/\">Expression artistique et intervention<\/a>, <a href=\"https:\/\/repository.volare-project.eu\/fr\/entry_category\/projets-et-initiatives-communautaires\/\">Projets et initiatives communautaires<\/a>\t\t\t\t\t\t\t\t\t\t\t\t\t\t\t<\/div>\r\n\t\t\t\t\t\t\t\t\t\t\t\t\t\t<\/div>\r\n\t\t\t\t\t\t\t\t\t\t\t\t\t<\/div>\r\n\t\t\t\t\t\t\t\t\t\t\t\t<\/div>\r\n\t\t\t\t\t\t\t\t\t\t\t<\/article><!-- #post-3845 -->\r\n\t\t\t\t\t\t\t\t\t\t<\/div>\r\n\t\t\t\t\t\t\t\t\t\t\t\t\t\t\t\t\t\t\t\r\n\t\t\t\t\t\t\t\t\t\t<div class=\"col-sm-12 col-md-12 col-lg-6 col-xl-4 rep-item-container\">\t\t\t\t\t\t\t\t\t\r\n\t\t\t\t\t\t\t\t\t\t\t<article class=\"post-3837 item type-item status-publish hentry entry_category-assistance-psychologique-integration-et-inclusion entry_category-expression-artistique-et-intervention entry_type-podcast-contenus-audio entry_tag-homepodcasts content_language-grec\" id=\"post-3837\">\r\n\t\t\t\t\t\t\t\t\t\t\t\t<div class=\"row\">\t\t\t\r\n\t\t\t\t\t\t\t\t\t\t\t\t\t<div class=\"col-md-4\">\r\n\t\t\t\t\t\t\t\t\t\t\t\t\t\t\t\t\t\t\t\t\t\t\t\t\t\t\t\t\t\t\t\t\t\t\t\t\t\r\n\t\t\t\t\t\t\t\t\t\t\t\t\t\t\t\t<img decoding=\"async\" class=\"type-icon\" src=\"https:\/\/repository.volare-project.eu\/wp-content\/uploads\/2025\/05\/ICON-Audio-Content_-B.png\">\r\n\t\t\t\t\t\t\t\t\t\t\t\t\t\t\t\t\t\t\t\t\t\t\t\t\t\t\t<\/div>\r\n\t\t\t\t\t\t\t\t\t\t\t\t\t<div class=\"col-md-8\">\r\n\t\t\t\t\t\t\t\t\t\t\t\t\t\t<header class=\"entry-header\">\r\n\t\t\t\t\t\t\t\t\t\t\t\t\t\t\t<a href=\"https:\/\/repository.volare-project.eu\/fr\/item\/the-power-of-images-as-a-crack-in-the-dominant-narrative\/\"><h2 class=\"item-title\">The power of images as a crack in the dominant narrative<\/h2><\/a>\r\n\t\t\t\t\t\t\t\t\t\t\t\t\t\t\t<a class=\"item-type\" href=\"https:\/\/repository.volare-project.eu\/fr\/entry_type\/podcast-contenus-audio\/\">Podcast<\/a>\t\t\t\t\t\t\t\t\t\t\t\t\t\t<\/header><!-- .entry-header -->\r\n\r\n\t\t\t\t\t\t\t\t\t\t\t\t\t\t<div class=\"entry-content\">\r\n\t\t\t\t\t\t\t\t\t\t\t\t\t\t\t<a class=\"excerpt\" href=\"https:\/\/repository.volare-project.eu\/fr\/item\/the-power-of-images-as-a-crack-in-the-dominant-narrative\/\">The power of images as a crack in the dominant narrative<\/a>\t\t\t\t\t\t\t\t\t\t\t\t\t\t<\/div><!-- .entry-content -->\r\n\t\t\t\t\t\t\t\t\t\t\t\t\t\t<div class=\"item-info-bottom\">\r\n\t\t\t\t\t\t\t\t\t\t\t\t\t\t\t<div class=\"post-cats\">\r\n\t\t\t\t\t\t\t\t\t\t\t\t\t\t\t\t<i class=\"fa-regular fa-folder-closed\"><\/i><a href=\"https:\/\/repository.volare-project.eu\/fr\/entry_category\/assistance-psychologique-integration-et-inclusion\/\">Assistance psychologique\/Int\u00e9gration et inclusion<\/a>, <a href=\"https:\/\/repository.volare-project.eu\/fr\/entry_category\/expression-artistique-et-intervention\/\">Expression artistique et intervention<\/a>\t\t\t\t\t\t\t\t\t\t\t\t\t\t\t<\/div>\r\n\t\t\t\t\t\t\t\t\t\t\t\t\t\t<\/div>\r\n\t\t\t\t\t\t\t\t\t\t\t\t\t<\/div>\r\n\t\t\t\t\t\t\t\t\t\t\t\t<\/div>\r\n\t\t\t\t\t\t\t\t\t\t\t<\/article><!-- #post-3837 -->\r\n\t\t\t\t\t\t\t\t\t\t<\/div>\r\n\t\t\t\t\t\t\t\t\t\t\t\t\t\t\t\t\t\t\t\r\n\t\t\t\t\t\t\t\t\t\t<div class=\"col-sm-12 col-md-12 col-lg-6 col-xl-4 rep-item-container\">\t\t\t\t\t\t\t\t\t\r\n\t\t\t\t\t\t\t\t\t\t\t<article class=\"post-3823 item type-item status-publish hentry entry_category-assistance-psychologique-integration-et-inclusion entry_category-pratiques-educatives-et-pedagogies-formation-des-enseignants entry_type-podcast-contenus-audio entry_tag-homepodcasts content_language-francais\" id=\"post-3823\">\r\n\t\t\t\t\t\t\t\t\t\t\t\t<div class=\"row\">\t\t\t\r\n\t\t\t\t\t\t\t\t\t\t\t\t\t<div class=\"col-md-4\">\r\n\t\t\t\t\t\t\t\t\t\t\t\t\t\t\t\t\t\t\t\t\t\t\t\t\t\t\t\t\t\t\t\t\t\t\t\t\t\r\n\t\t\t\t\t\t\t\t\t\t\t\t\t\t\t\t<img decoding=\"async\" class=\"type-icon\" src=\"https:\/\/repository.volare-project.eu\/wp-content\/uploads\/2025\/05\/ICON-Audio-Content_-B.png\">\r\n\t\t\t\t\t\t\t\t\t\t\t\t\t\t\t\t\t\t\t\t\t\t\t\t\t\t\t<\/div>\r\n\t\t\t\t\t\t\t\t\t\t\t\t\t<div class=\"col-md-8\">\r\n\t\t\t\t\t\t\t\t\t\t\t\t\t\t<header class=\"entry-header\">\r\n\t\t\t\t\t\t\t\t\t\t\t\t\t\t\t<a href=\"https:\/\/repository.volare-project.eu\/fr\/item\/empathie-et-processus-mentaux-dans-la-pratique-pedagogique\/\"><h2 class=\"item-title\">Empathie et processus mentaux dans la pratique p\u00e9dagogique<\/h2><\/a>\r\n\t\t\t\t\t\t\t\t\t\t\t\t\t\t\t<a class=\"item-type\" href=\"https:\/\/repository.volare-project.eu\/fr\/entry_type\/podcast-contenus-audio\/\">Podcast<\/a>\t\t\t\t\t\t\t\t\t\t\t\t\t\t<\/header><!-- .entry-header -->\r\n\r\n\t\t\t\t\t\t\t\t\t\t\t\t\t\t<div class=\"entry-content\">\r\n\t\t\t\t\t\t\t\t\t\t\t\t\t\t\t<a class=\"excerpt\" href=\"https:\/\/repository.volare-project.eu\/fr\/item\/empathie-et-processus-mentaux-dans-la-pratique-pedagogique\/\">Empathie et processus mentaux dans la pratique p\u00e9dagogique<\/a>\t\t\t\t\t\t\t\t\t\t\t\t\t\t<\/div><!-- .entry-content -->\r\n\t\t\t\t\t\t\t\t\t\t\t\t\t\t<div class=\"item-info-bottom\">\r\n\t\t\t\t\t\t\t\t\t\t\t\t\t\t\t<div class=\"post-cats\">\r\n\t\t\t\t\t\t\t\t\t\t\t\t\t\t\t\t<i class=\"fa-regular fa-folder-closed\"><\/i><a href=\"https:\/\/repository.volare-project.eu\/fr\/entry_category\/assistance-psychologique-integration-et-inclusion\/\">Assistance psychologique\/Int\u00e9gration et inclusion<\/a>, <a href=\"https:\/\/repository.volare-project.eu\/fr\/entry_category\/pratiques-educatives-et-pedagogies-formation-des-enseignants\/\">Pratiques \u00e9ducatives et p\u00e9dagogies \/ formation des enseignants<\/a>\t\t\t\t\t\t\t\t\t\t\t\t\t\t\t<\/div>\r\n\t\t\t\t\t\t\t\t\t\t\t\t\t\t<\/div>\r\n\t\t\t\t\t\t\t\t\t\t\t\t\t<\/div>\r\n\t\t\t\t\t\t\t\t\t\t\t\t<\/div>\r\n\t\t\t\t\t\t\t\t\t\t\t<\/article><!-- #post-3823 -->\r\n\t\t\t\t\t\t\t\t\t\t<\/div>\r\n\t\t\t\t\t\t\t\t\t\t\t\t\t\t\t\t\t\t\t\r\n\t\t\t\t\t\t\t\t\t\t<div class=\"col-sm-12 col-md-12 col-lg-6 col-xl-4 rep-item-container\">\t\t\t\t\t\t\t\t\t\r\n\t\t\t\t\t\t\t\t\t\t\t<article class=\"post-3788 item type-item status-publish hentry entry_category-expression-artistique-et-intervention entry_category-pratiques-educatives-et-pedagogies-formation-des-enseignants entry_category-projets-et-initiatives-communautaires entry_type-podcast-contenus-audio entry_tag-homepodcasts content_language-grec\" id=\"post-3788\">\r\n\t\t\t\t\t\t\t\t\t\t\t\t<div class=\"row\">\t\t\t\r\n\t\t\t\t\t\t\t\t\t\t\t\t\t<div class=\"col-md-4\">\r\n\t\t\t\t\t\t\t\t\t\t\t\t\t\t\t\t\t\t\t\t\t\t\t\t\t\t\t\t\t\t\t\t\t\t\t\t\t\r\n\t\t\t\t\t\t\t\t\t\t\t\t\t\t\t\t<img decoding=\"async\" class=\"type-icon\" src=\"https:\/\/repository.volare-project.eu\/wp-content\/uploads\/2025\/05\/ICON-Audio-Content_-B.png\">\r\n\t\t\t\t\t\t\t\t\t\t\t\t\t\t\t\t\t\t\t\t\t\t\t\t\t\t\t<\/div>\r\n\t\t\t\t\t\t\t\t\t\t\t\t\t<div class=\"col-md-8\">\r\n\t\t\t\t\t\t\t\t\t\t\t\t\t\t<header class=\"entry-header\">\r\n\t\t\t\t\t\t\t\t\t\t\t\t\t\t\t<a href=\"https:\/\/repository.volare-project.eu\/fr\/item\/yolanda-markopoulou-theatrical-action-and-pedagogical-relationship\/\"><h2 class=\"item-title\">Theatrical action and pedagogical relationship<\/h2><\/a>\r\n\t\t\t\t\t\t\t\t\t\t\t\t\t\t\t<a class=\"item-type\" href=\"https:\/\/repository.volare-project.eu\/fr\/entry_type\/podcast-contenus-audio\/\">Podcast<\/a>\t\t\t\t\t\t\t\t\t\t\t\t\t\t<\/header><!-- .entry-header -->\r\n\r\n\t\t\t\t\t\t\t\t\t\t\t\t\t\t<div class=\"entry-content\">\r\n\t\t\t\t\t\t\t\t\t\t\t\t\t\t\t<a class=\"excerpt\" href=\"https:\/\/repository.volare-project.eu\/fr\/item\/yolanda-markopoulou-theatrical-action-and-pedagogical-relationship\/\">Theatrical action and pedagogical relationship<\/a>\t\t\t\t\t\t\t\t\t\t\t\t\t\t<\/div><!-- .entry-content -->\r\n\t\t\t\t\t\t\t\t\t\t\t\t\t\t<div class=\"item-info-bottom\">\r\n\t\t\t\t\t\t\t\t\t\t\t\t\t\t\t<div class=\"post-cats\">\r\n\t\t\t\t\t\t\t\t\t\t\t\t\t\t\t\t<i class=\"fa-regular fa-folder-closed\"><\/i><a href=\"https:\/\/repository.volare-project.eu\/fr\/entry_category\/expression-artistique-et-intervention\/\">Expression artistique et intervention<\/a>, <a href=\"https:\/\/repository.volare-project.eu\/fr\/entry_category\/pratiques-educatives-et-pedagogies-formation-des-enseignants\/\">Pratiques \u00e9ducatives et p\u00e9dagogies \/ formation des enseignants<\/a>, <a href=\"https:\/\/repository.volare-project.eu\/fr\/entry_category\/projets-et-initiatives-communautaires\/\">Projets et initiatives communautaires<\/a>\t\t\t\t\t\t\t\t\t\t\t\t\t\t\t<\/div>\r\n\t\t\t\t\t\t\t\t\t\t\t\t\t\t<\/div>\r\n\t\t\t\t\t\t\t\t\t\t\t\t\t<\/div>\r\n\t\t\t\t\t\t\t\t\t\t\t\t<\/div>\r\n\t\t\t\t\t\t\t\t\t\t\t<\/article><!-- #post-3788 -->\r\n\t\t\t\t\t\t\t\t\t\t<\/div>\r\n\t\t\t\t\t\t\t\t\t\t\t\t\t\t\t\t\t\t\t\r\n\t\t\t\t\t\t\t\t\t\t<div class=\"col-sm-12 col-md-12 col-lg-6 col-xl-4 rep-item-container\">\t\t\t\t\t\t\t\t\t\r\n\t\t\t\t\t\t\t\t\t\t\t<article class=\"post-3779 item type-item status-publish hentry entry_category-comprehension-interculturel-et-mediation-educative entry_category-conflit-deplacement-et-asile entry_type-podcast-contenus-audio entry_tag-homepodcasts content_language-grec\" id=\"post-3779\">\r\n\t\t\t\t\t\t\t\t\t\t\t\t<div class=\"row\">\t\t\t\r\n\t\t\t\t\t\t\t\t\t\t\t\t\t<div class=\"col-md-4\">\r\n\t\t\t\t\t\t\t\t\t\t\t\t\t\t\t\t\t\t\t\t\t\t\t\t\t\t\t\t\t\t\t\t\t\t\t\t\t\r\n\t\t\t\t\t\t\t\t\t\t\t\t\t\t\t\t<img decoding=\"async\" class=\"type-icon\" src=\"https:\/\/repository.volare-project.eu\/wp-content\/uploads\/2025\/05\/ICON-Audio-Content_-B.png\">\r\n\t\t\t\t\t\t\t\t\t\t\t\t\t\t\t\t\t\t\t\t\t\t\t\t\t\t\t<\/div>\r\n\t\t\t\t\t\t\t\t\t\t\t\t\t<div class=\"col-md-8\">\r\n\t\t\t\t\t\t\t\t\t\t\t\t\t\t<header class=\"entry-header\">\r\n\t\t\t\t\t\t\t\t\t\t\t\t\t\t\t<a href=\"https:\/\/repository.volare-project.eu\/fr\/item\/lina-ventoura-migration-and-social-boundaries\/\"><h2 class=\"item-title\">Migration and social boundaries<\/h2><\/a>\r\n\t\t\t\t\t\t\t\t\t\t\t\t\t\t\t<a class=\"item-type\" href=\"https:\/\/repository.volare-project.eu\/fr\/entry_type\/podcast-contenus-audio\/\">Podcast<\/a>\t\t\t\t\t\t\t\t\t\t\t\t\t\t<\/header><!-- .entry-header -->\r\n\r\n\t\t\t\t\t\t\t\t\t\t\t\t\t\t<div class=\"entry-content\">\r\n\t\t\t\t\t\t\t\t\t\t\t\t\t\t\t<a class=\"excerpt\" href=\"https:\/\/repository.volare-project.eu\/fr\/item\/lina-ventoura-migration-and-social-boundaries\/\">Migration and social boundaries<\/a>\t\t\t\t\t\t\t\t\t\t\t\t\t\t<\/div><!-- .entry-content -->\r\n\t\t\t\t\t\t\t\t\t\t\t\t\t\t<div class=\"item-info-bottom\">\r\n\t\t\t\t\t\t\t\t\t\t\t\t\t\t\t<div class=\"post-cats\">\r\n\t\t\t\t\t\t\t\t\t\t\t\t\t\t\t\t<i class=\"fa-regular fa-folder-closed\"><\/i><a href=\"https:\/\/repository.volare-project.eu\/fr\/entry_category\/comprehension-interculturel-et-mediation-educative\/\">Compr\u00e9hension interculturel et m\u00e9diation \u00e9ducative<\/a>, <a href=\"https:\/\/repository.volare-project.eu\/fr\/entry_category\/conflit-deplacement-et-asile\/\">Conflit, d\u00e9placement et asile<\/a>\t\t\t\t\t\t\t\t\t\t\t\t\t\t\t<\/div>\r\n\t\t\t\t\t\t\t\t\t\t\t\t\t\t<\/div>\r\n\t\t\t\t\t\t\t\t\t\t\t\t\t<\/div>\r\n\t\t\t\t\t\t\t\t\t\t\t\t<\/div>\r\n\t\t\t\t\t\t\t\t\t\t\t<\/article><!-- #post-3779 -->\r\n\t\t\t\t\t\t\t\t\t\t<\/div>\r\n\t\t\t\t\t\t\t\t\t\t\t\t\t\t\t\t\t\t\t\r\n\t\t\t\t\t\t\t\t\t\t<div class=\"col-sm-12 col-md-12 col-lg-6 col-xl-4 rep-item-container\">\t\t\t\t\t\t\t\t\t\r\n\t\t\t\t\t\t\t\t\t\t\t<article class=\"post-3770 item type-item status-publish hentry entry_category-comprehension-interculturel-et-mediation-educative entry_category-pratiques-educatives-et-pedagogies-formation-des-enseignants entry_type-podcast-contenus-audio entry_tag-homepodcasts content_language-grec\" id=\"post-3770\">\r\n\t\t\t\t\t\t\t\t\t\t\t\t<div class=\"row\">\t\t\t\r\n\t\t\t\t\t\t\t\t\t\t\t\t\t<div class=\"col-md-4\">\r\n\t\t\t\t\t\t\t\t\t\t\t\t\t\t\t\t\t\t\t\t\t\t\t\t\t\t\t\t\t\t\t\t\t\t\t\t\t\r\n\t\t\t\t\t\t\t\t\t\t\t\t\t\t\t\t<img decoding=\"async\" class=\"type-icon\" src=\"https:\/\/repository.volare-project.eu\/wp-content\/uploads\/2025\/05\/ICON-Audio-Content_-B.png\">\r\n\t\t\t\t\t\t\t\t\t\t\t\t\t\t\t\t\t\t\t\t\t\t\t\t\t\t\t<\/div>\r\n\t\t\t\t\t\t\t\t\t\t\t\t\t<div class=\"col-md-8\">\r\n\t\t\t\t\t\t\t\t\t\t\t\t\t\t<header class=\"entry-header\">\r\n\t\t\t\t\t\t\t\t\t\t\t\t\t\t\t<a href=\"https:\/\/repository.volare-project.eu\/fr\/item\/kostis-papaioannou-education-in-difficult-times\/\"><h2 class=\"item-title\">Education in difficult times<\/h2><\/a>\r\n\t\t\t\t\t\t\t\t\t\t\t\t\t\t\t<a class=\"item-type\" href=\"https:\/\/repository.volare-project.eu\/fr\/entry_type\/podcast-contenus-audio\/\">Podcast<\/a>\t\t\t\t\t\t\t\t\t\t\t\t\t\t<\/header><!-- .entry-header -->\r\n\r\n\t\t\t\t\t\t\t\t\t\t\t\t\t\t<div class=\"entry-content\">\r\n\t\t\t\t\t\t\t\t\t\t\t\t\t\t\t<a class=\"excerpt\" href=\"https:\/\/repository.volare-project.eu\/fr\/item\/kostis-papaioannou-education-in-difficult-times\/\">Education in difficult times<\/a>\t\t\t\t\t\t\t\t\t\t\t\t\t\t<\/div><!-- .entry-content -->\r\n\t\t\t\t\t\t\t\t\t\t\t\t\t\t<div class=\"item-info-bottom\">\r\n\t\t\t\t\t\t\t\t\t\t\t\t\t\t\t<div class=\"post-cats\">\r\n\t\t\t\t\t\t\t\t\t\t\t\t\t\t\t\t<i class=\"fa-regular fa-folder-closed\"><\/i><a href=\"https:\/\/repository.volare-project.eu\/fr\/entry_category\/comprehension-interculturel-et-mediation-educative\/\">Compr\u00e9hension interculturel et m\u00e9diation \u00e9ducative<\/a>, <a href=\"https:\/\/repository.volare-project.eu\/fr\/entry_category\/pratiques-educatives-et-pedagogies-formation-des-enseignants\/\">Pratiques \u00e9ducatives et p\u00e9dagogies \/ formation des enseignants<\/a>\t\t\t\t\t\t\t\t\t\t\t\t\t\t\t<\/div>\r\n\t\t\t\t\t\t\t\t\t\t\t\t\t\t<\/div>\r\n\t\t\t\t\t\t\t\t\t\t\t\t\t<\/div>\r\n\t\t\t\t\t\t\t\t\t\t\t\t<\/div>\r\n\t\t\t\t\t\t\t\t\t\t\t<\/article><!-- #post-3770 -->\r\n\t\t\t\t\t\t\t\t\t\t<\/div>\r\n\t\t\t\t\t\t\t\t\t\t\t\t\t\t\t\t\t\t\t\r\n\t\t\t\t\t\t\t\t\t\t<div class=\"col-sm-12 col-md-12 col-lg-6 col-xl-4 rep-item-container\">\t\t\t\t\t\t\t\t\t\r\n\t\t\t\t\t\t\t\t\t\t\t<article class=\"post-3760 item type-item status-publish hentry entry_category-comprehension-interculturel-et-mediation-educative entry_category-pratiques-educatives-et-pedagogies-formation-des-enseignants entry_type-podcast-contenus-audio entry_tag-homepodcasts content_language-grec\" id=\"post-3760\">\r\n\t\t\t\t\t\t\t\t\t\t\t\t<div class=\"row\">\t\t\t\r\n\t\t\t\t\t\t\t\t\t\t\t\t\t<div class=\"col-md-4\">\r\n\t\t\t\t\t\t\t\t\t\t\t\t\t\t\t\t\t\t\t\t\t\t\t\t\t\t\t\t\t\t\t\t\t\t\t\t\t\r\n\t\t\t\t\t\t\t\t\t\t\t\t\t\t\t\t<img decoding=\"async\" class=\"type-icon\" src=\"https:\/\/repository.volare-project.eu\/wp-content\/uploads\/2025\/05\/ICON-Audio-Content_-B.png\">\r\n\t\t\t\t\t\t\t\t\t\t\t\t\t\t\t\t\t\t\t\t\t\t\t\t\t\t\t<\/div>\r\n\t\t\t\t\t\t\t\t\t\t\t\t\t<div class=\"col-md-8\">\r\n\t\t\t\t\t\t\t\t\t\t\t\t\t\t<header class=\"entry-header\">\r\n\t\t\t\t\t\t\t\t\t\t\t\t\t\t\t<a href=\"https:\/\/repository.volare-project.eu\/fr\/item\/vangelis-karamanolakis-archives-collective-memory-and-testimonies\/\"><h2 class=\"item-title\">Archives, collective memory, and testimonies<\/h2><\/a>\r\n\t\t\t\t\t\t\t\t\t\t\t\t\t\t\t<a class=\"item-type\" href=\"https:\/\/repository.volare-project.eu\/fr\/entry_type\/podcast-contenus-audio\/\">Podcast<\/a>\t\t\t\t\t\t\t\t\t\t\t\t\t\t<\/header><!-- .entry-header -->\r\n\r\n\t\t\t\t\t\t\t\t\t\t\t\t\t\t<div class=\"entry-content\">\r\n\t\t\t\t\t\t\t\t\t\t\t\t\t\t\t<a class=\"excerpt\" href=\"https:\/\/repository.volare-project.eu\/fr\/item\/vangelis-karamanolakis-archives-collective-memory-and-testimonies\/\">Archives, collective memory, and testimonies<\/a>\t\t\t\t\t\t\t\t\t\t\t\t\t\t<\/div><!-- .entry-content -->\r\n\t\t\t\t\t\t\t\t\t\t\t\t\t\t<div class=\"item-info-bottom\">\r\n\t\t\t\t\t\t\t\t\t\t\t\t\t\t\t<div class=\"post-cats\">\r\n\t\t\t\t\t\t\t\t\t\t\t\t\t\t\t\t<i class=\"fa-regular fa-folder-closed\"><\/i><a href=\"https:\/\/repository.volare-project.eu\/fr\/entry_category\/comprehension-interculturel-et-mediation-educative\/\">Compr\u00e9hension interculturel et m\u00e9diation \u00e9ducative<\/a>, <a href=\"https:\/\/repository.volare-project.eu\/fr\/entry_category\/pratiques-educatives-et-pedagogies-formation-des-enseignants\/\">Pratiques \u00e9ducatives et p\u00e9dagogies \/ formation des enseignants<\/a>\t\t\t\t\t\t\t\t\t\t\t\t\t\t\t<\/div>\r\n\t\t\t\t\t\t\t\t\t\t\t\t\t\t<\/div>\r\n\t\t\t\t\t\t\t\t\t\t\t\t\t<\/div>\r\n\t\t\t\t\t\t\t\t\t\t\t\t<\/div>\r\n\t\t\t\t\t\t\t\t\t\t\t<\/article><!-- #post-3760 -->\r\n\t\t\t\t\t\t\t\t\t\t<\/div>\r\n\t\t\t\t\t\t\t\t\t\t\t\t\t\t\t\t\t\t\t\r\n\t\t\t\t\t\t\t\t\t\t<div class=\"col-sm-12 col-md-12 col-lg-6 col-xl-4 rep-item-container\">\t\t\t\t\t\t\t\t\t\r\n\t\t\t\t\t\t\t\t\t\t\t<article class=\"post-3751 item type-item status-publish hentry entry_category-pratiques-educatives-et-pedagogies-formation-des-enseignants entry_type-podcast-contenus-audio entry_tag-homepodcasts content_language-anglais\" id=\"post-3751\">\r\n\t\t\t\t\t\t\t\t\t\t\t\t<div class=\"row\">\t\t\t\r\n\t\t\t\t\t\t\t\t\t\t\t\t\t<div class=\"col-md-4\">\r\n\t\t\t\t\t\t\t\t\t\t\t\t\t\t\t\t\t\t\t\t\t\t\t\t\t\t\t\t\t\t\t\t\t\t\t\t\t\r\n\t\t\t\t\t\t\t\t\t\t\t\t\t\t\t\t<img decoding=\"async\" class=\"type-icon\" src=\"https:\/\/repository.volare-project.eu\/wp-content\/uploads\/2025\/05\/ICON-Audio-Content_-B.png\">\r\n\t\t\t\t\t\t\t\t\t\t\t\t\t\t\t\t\t\t\t\t\t\t\t\t\t\t\t<\/div>\r\n\t\t\t\t\t\t\t\t\t\t\t\t\t<div class=\"col-md-8\">\r\n\t\t\t\t\t\t\t\t\t\t\t\t\t\t<header class=\"entry-header\">\r\n\t\t\t\t\t\t\t\t\t\t\t\t\t\t\t<a href=\"https:\/\/repository.volare-project.eu\/fr\/item\/ilia-iliev-observation-mutual-observation-from-interviews-to-teaching\/\"><h2 class=\"item-title\">Observation, mutual observation: From interviews to teaching<\/h2><\/a>\r\n\t\t\t\t\t\t\t\t\t\t\t\t\t\t\t<a class=\"item-type\" href=\"https:\/\/repository.volare-project.eu\/fr\/entry_type\/podcast-contenus-audio\/\">Podcast<\/a>\t\t\t\t\t\t\t\t\t\t\t\t\t\t<\/header><!-- .entry-header -->\r\n\r\n\t\t\t\t\t\t\t\t\t\t\t\t\t\t<div class=\"entry-content\">\r\n\t\t\t\t\t\t\t\t\t\t\t\t\t\t\t<a class=\"excerpt\" href=\"https:\/\/repository.volare-project.eu\/fr\/item\/ilia-iliev-observation-mutual-observation-from-interviews-to-teaching\/\">Observation, mutual observation: From interviews to teaching<\/a>\t\t\t\t\t\t\t\t\t\t\t\t\t\t<\/div><!-- .entry-content -->\r\n\t\t\t\t\t\t\t\t\t\t\t\t\t\t<div class=\"item-info-bottom\">\r\n\t\t\t\t\t\t\t\t\t\t\t\t\t\t\t<div class=\"post-cats\">\r\n\t\t\t\t\t\t\t\t\t\t\t\t\t\t\t\t<i class=\"fa-regular fa-folder-closed\"><\/i><a href=\"https:\/\/repository.volare-project.eu\/fr\/entry_category\/pratiques-educatives-et-pedagogies-formation-des-enseignants\/\">Pratiques \u00e9ducatives et p\u00e9dagogies \/ formation des enseignants<\/a>\t\t\t\t\t\t\t\t\t\t\t\t\t\t\t<\/div>\r\n\t\t\t\t\t\t\t\t\t\t\t\t\t\t<\/div>\r\n\t\t\t\t\t\t\t\t\t\t\t\t\t<\/div>\r\n\t\t\t\t\t\t\t\t\t\t\t\t<\/div>\r\n\t\t\t\t\t\t\t\t\t\t\t<\/article><!-- #post-3751 -->\r\n\t\t\t\t\t\t\t\t\t\t<\/div>\r\n\t\t\t\t\t\t\t\t\t\t\t\t\t\t\t\t\t\t\t\r\n\t\t\t\t\t\t\t\t\t\t<div class=\"col-sm-12 col-md-12 col-lg-6 col-xl-4 rep-item-container\">\t\t\t\t\t\t\t\t\t\r\n\t\t\t\t\t\t\t\t\t\t\t<article class=\"post-3628 item type-item status-publish hentry entry_category-comprehension-interculturel-et-mediation-educative entry_type-video-films-medias-visuels entry_tag-belonging entry_tag-cultural-identity entry_tag-hybridity entry_tag-life-experience content_language-grec\" id=\"post-3628\">\r\n\t\t\t\t\t\t\t\t\t\t\t\t<div class=\"row\">\t\t\t\r\n\t\t\t\t\t\t\t\t\t\t\t\t\t<div class=\"col-md-4\">\r\n\t\t\t\t\t\t\t\t\t\t\t\t\t\t\t\t\t\t\t\t\t\t\t\t\t\t\t\t\t\t\t\t\t\t\t\t\t\r\n\t\t\t\t\t\t\t\t\t\t\t\t\t\t\t\t<img decoding=\"async\" class=\"type-icon\" src=\"https:\/\/repository.volare-project.eu\/wp-content\/uploads\/2025\/05\/ICON-Films-Visual-Media_-B.png\">\r\n\t\t\t\t\t\t\t\t\t\t\t\t\t\t\t\t\t\t\t\t\t\t\t\t\t\t\t<\/div>\r\n\t\t\t\t\t\t\t\t\t\t\t\t\t<div class=\"col-md-8\">\r\n\t\t\t\t\t\t\t\t\t\t\t\t\t\t<header class=\"entry-header\">\r\n\t\t\t\t\t\t\t\t\t\t\t\t\t\t\t<a href=\"https:\/\/repository.volare-project.eu\/fr\/item\/8-young-people-discuss-cultural-identity-and-the-concept-of-belonging\/\"><h2 class=\"item-title\">8 young people discuss: Cultural Identity and the concept of \u00ab\u00a0belonging\u00a0\u00bb<\/h2><\/a>\r\n\t\t\t\t\t\t\t\t\t\t\t\t\t\t\t<a class=\"item-type\" href=\"https:\/\/repository.volare-project.eu\/fr\/entry_type\/video-films-medias-visuels\/\">Vid\u00e9o<\/a>\t\t\t\t\t\t\t\t\t\t\t\t\t\t<\/header><!-- .entry-header -->\r\n\r\n\t\t\t\t\t\t\t\t\t\t\t\t\t\t<div class=\"entry-content\">\r\n\t\t\t\t\t\t\t\t\t\t\t\t\t\t\t<a class=\"excerpt\" href=\"https:\/\/repository.volare-project.eu\/fr\/item\/8-young-people-discuss-cultural-identity-and-the-concept-of-belonging\/\">Video discussion on the digital channel of the Onassis Foundation. Eight young people living ...<\/a>\t\t\t\t\t\t\t\t\t\t\t\t\t\t<\/div><!-- .entry-content -->\r\n\t\t\t\t\t\t\t\t\t\t\t\t\t\t<div class=\"item-info-bottom\">\r\n\t\t\t\t\t\t\t\t\t\t\t\t\t\t\t<div class=\"post-cats\">\r\n\t\t\t\t\t\t\t\t\t\t\t\t\t\t\t\t<i class=\"fa-regular fa-folder-closed\"><\/i><a href=\"https:\/\/repository.volare-project.eu\/fr\/entry_category\/comprehension-interculturel-et-mediation-educative\/\">Compr\u00e9hension interculturel et m\u00e9diation \u00e9ducative<\/a>\t\t\t\t\t\t\t\t\t\t\t\t\t\t\t<\/div>\r\n\t\t\t\t\t\t\t\t\t\t\t\t\t\t<\/div>\r\n\t\t\t\t\t\t\t\t\t\t\t\t\t<\/div>\r\n\t\t\t\t\t\t\t\t\t\t\t\t<\/div>\r\n\t\t\t\t\t\t\t\t\t\t\t<\/article><!-- #post-3628 -->\r\n\t\t\t\t\t\t\t\t\t\t<\/div>\r\n\t\t\t\t\t\t\t\t\t\t\t\t\t\t\t\t\t\t\t\r\n\t\t\t\t\t\t\t\t\t\t<div class=\"col-sm-12 col-md-12 col-lg-6 col-xl-4 rep-item-container\">\t\t\t\t\t\t\t\t\t\r\n\t\t\t\t\t\t\t\t\t\t\t<article class=\"post-3623 item type-item status-publish hentry entry_category-pratiques-educatives-et-pedagogies-formation-des-enseignants entry_category-systemes-educatifs-et-scolarisation entry_type-film entry_tag-learning-difficulties entry_tag-other entry_tag-education entry_tag-empowerment entry_tag-motivation entry_tag-relationship content_language-grec\" id=\"post-3623\">\r\n\t\t\t\t\t\t\t\t\t\t\t\t<div class=\"row\">\t\t\t\r\n\t\t\t\t\t\t\t\t\t\t\t\t\t<div class=\"col-md-4\">\r\n\t\t\t\t\t\t\t\t\t\t\t\t\t\t\t\t\t\t\t\t\t\t\t\t\t\t\t\t\t\t\t\t\t\t\t\t\t\r\n\t\t\t\t\t\t\t\t\t\t\t\t\t\t\t\t<img decoding=\"async\" class=\"type-icon\" src=\"https:\/\/repository.volare-project.eu\/wp-content\/uploads\/2025\/05\/ICON-Films-Visual-Media_-B.png\">\r\n\t\t\t\t\t\t\t\t\t\t\t\t\t\t\t\t\t\t\t\t\t\t\t\t\t\t\t<\/div>\r\n\t\t\t\t\t\t\t\t\t\t\t\t\t<div class=\"col-md-8\">\r\n\t\t\t\t\t\t\t\t\t\t\t\t\t\t<header class=\"entry-header\">\r\n\t\t\t\t\t\t\t\t\t\t\t\t\t\t\t<a href=\"https:\/\/repository.volare-project.eu\/fr\/item\/the-canary-yellow-bicycle\/\"><h2 class=\"item-title\">The Canary Yellow Bicycle<\/h2><\/a>\r\n\t\t\t\t\t\t\t\t\t\t\t\t\t\t\t<a class=\"item-type\" href=\"https:\/\/repository.volare-project.eu\/fr\/entry_type\/film\/\">Film<\/a>\t\t\t\t\t\t\t\t\t\t\t\t\t\t<\/header><!-- .entry-header -->\r\n\r\n\t\t\t\t\t\t\t\t\t\t\t\t\t\t<div class=\"entry-content\">\r\n\t\t\t\t\t\t\t\t\t\t\t\t\t\t\t<a class=\"excerpt\" href=\"https:\/\/repository.volare-project.eu\/fr\/item\/the-canary-yellow-bicycle\/\">A new teacher is transferred to a primary school in Athens, where he takes ...<\/a>\t\t\t\t\t\t\t\t\t\t\t\t\t\t<\/div><!-- .entry-content -->\r\n\t\t\t\t\t\t\t\t\t\t\t\t\t\t<div class=\"item-info-bottom\">\r\n\t\t\t\t\t\t\t\t\t\t\t\t\t\t\t<div class=\"post-cats\">\r\n\t\t\t\t\t\t\t\t\t\t\t\t\t\t\t\t<i class=\"fa-regular fa-folder-closed\"><\/i><a href=\"https:\/\/repository.volare-project.eu\/fr\/entry_category\/pratiques-educatives-et-pedagogies-formation-des-enseignants\/\">Pratiques \u00e9ducatives et p\u00e9dagogies \/ formation des enseignants<\/a>, <a href=\"https:\/\/repository.volare-project.eu\/fr\/entry_category\/systemes-educatifs-et-scolarisation\/\">Syst\u00e8mes \u00e9ducatifs et scolarisation<\/a>\t\t\t\t\t\t\t\t\t\t\t\t\t\t\t<\/div>\r\n\t\t\t\t\t\t\t\t\t\t\t\t\t\t<\/div>\r\n\t\t\t\t\t\t\t\t\t\t\t\t\t<\/div>\r\n\t\t\t\t\t\t\t\t\t\t\t\t<\/div>\r\n\t\t\t\t\t\t\t\t\t\t\t<\/article><!-- #post-3623 -->\r\n\t\t\t\t\t\t\t\t\t\t<\/div>\r\n\t\t\t\t\t\t\t\t\t\t\t\t\t\t\t\t\t\t\t\r\n\t\t\t\t\t\t\t\t\t\t<div class=\"col-sm-12 col-md-12 col-lg-6 col-xl-4 rep-item-container\">\t\t\t\t\t\t\t\t\t\r\n\t\t\t\t\t\t\t\t\t\t\t<article class=\"post-3617 item type-item status-publish hentry entry_category-pratiques-educatives-et-pedagogies-formation-des-enseignants entry_category-systemes-educatifs-et-scolarisation entry_type-documentaire entry_tag-apprentissage entry_tag-classe entry_tag-communaute entry_tag-ecole entry_tag-freinet entry_tag-pedagogie content_language-francais\" id=\"post-3617\">\r\n\t\t\t\t\t\t\t\t\t\t\t\t<div class=\"row\">\t\t\t\r\n\t\t\t\t\t\t\t\t\t\t\t\t\t<div class=\"col-md-4\">\r\n\t\t\t\t\t\t\t\t\t\t\t\t\t\t\t\t\t\t\t\t\t\t\t\t\t\t\t\t\t\t\t\t\t\t\t\t\t\r\n\t\t\t\t\t\t\t\t\t\t\t\t\t\t\t\t<img decoding=\"async\" class=\"type-icon\" src=\"https:\/\/repository.volare-project.eu\/wp-content\/uploads\/2025\/05\/ICON-Films-Visual-Media_-B.png\">\r\n\t\t\t\t\t\t\t\t\t\t\t\t\t\t\t\t\t\t\t\t\t\t\t\t\t\t\t<\/div>\r\n\t\t\t\t\t\t\t\t\t\t\t\t\t<div class=\"col-md-8\">\r\n\t\t\t\t\t\t\t\t\t\t\t\t\t\t<header class=\"entry-header\">\r\n\t\t\t\t\t\t\t\t\t\t\t\t\t\t\t<a href=\"https:\/\/repository.volare-project.eu\/fr\/item\/it-is-learning-that-is-sacred-in-the-early-stages-of-a-freinet-class\/\"><h2 class=\"item-title\">C&rsquo;est d&rsquo;apprendre, qui est sacr\u00e9 &#8211; Dans les premiers pas d&rsquo;une classe Freinet<\/h2><\/a>\r\n\t\t\t\t\t\t\t\t\t\t\t\t\t\t\t<a class=\"item-type\" href=\"https:\/\/repository.volare-project.eu\/fr\/entry_type\/documentaire\/\">Documentaire<\/a>\t\t\t\t\t\t\t\t\t\t\t\t\t\t<\/header><!-- .entry-header -->\r\n\r\n\t\t\t\t\t\t\t\t\t\t\t\t\t\t<div class=\"entry-content\">\r\n\t\t\t\t\t\t\t\t\t\t\t\t\t\t\t<a class=\"excerpt\" href=\"https:\/\/repository.volare-project.eu\/fr\/item\/it-is-learning-that-is-sacred-in-the-early-stages-of-a-freinet-class\/\">Le film pr\u00e9sente le quotidien d&rsquo;une \u00e9cole qui utilise les techniques de Frenet. Nous ...<\/a>\t\t\t\t\t\t\t\t\t\t\t\t\t\t<\/div><!-- .entry-content -->\r\n\t\t\t\t\t\t\t\t\t\t\t\t\t\t<div class=\"item-info-bottom\">\r\n\t\t\t\t\t\t\t\t\t\t\t\t\t\t\t<div class=\"post-cats\">\r\n\t\t\t\t\t\t\t\t\t\t\t\t\t\t\t\t<i class=\"fa-regular fa-folder-closed\"><\/i><a href=\"https:\/\/repository.volare-project.eu\/fr\/entry_category\/pratiques-educatives-et-pedagogies-formation-des-enseignants\/\">Pratiques \u00e9ducatives et p\u00e9dagogies \/ formation des enseignants<\/a>, <a href=\"https:\/\/repository.volare-project.eu\/fr\/entry_category\/systemes-educatifs-et-scolarisation\/\">Syst\u00e8mes \u00e9ducatifs et scolarisation<\/a>\t\t\t\t\t\t\t\t\t\t\t\t\t\t\t<\/div>\r\n\t\t\t\t\t\t\t\t\t\t\t\t\t\t<\/div>\r\n\t\t\t\t\t\t\t\t\t\t\t\t\t<\/div>\r\n\t\t\t\t\t\t\t\t\t\t\t\t<\/div>\r\n\t\t\t\t\t\t\t\t\t\t\t<\/article><!-- #post-3617 -->\r\n\t\t\t\t\t\t\t\t\t\t<\/div>\r\n\t\t\t\t\t\t\t\t\t\t\t\t\t\t\t\t\t\t\t<div class=\"col-md-12\">\n\t\t<nav aria-label=\"Navigation dans les articles\" aria-labelledby=\"posts-nav-label\" class=\"ajax-pagination\">\n\t\t\t<ul class=\"pagination\">\n\t\t\t\t\t\t\t\t\t<li class=\"page-item active\">\n\t\t\t\t\t\t<span aria-current=\"page\" class=\"page-link current\">1<\/span>\t\t\t\t\t<\/li>\n\t\t\t\t\t\t\t\t\t\t<li class=\"page-item \">\n\t\t\t\t\t\t<a class=\"page-link\" href=\"https:\/\/repository.volare-project.eu\/fr\/wp-json\/wp\/v2\/pages\/3308\/page\/2\/\">2<\/a>\t\t\t\t\t<\/li>\n\t\t\t\t\t\t\t\t\t\t<li class=\"page-item \">\n\t\t\t\t\t\t<a class=\"page-link\" href=\"https:\/\/repository.volare-project.eu\/fr\/wp-json\/wp\/v2\/pages\/3308\/page\/3\/\">3<\/a>\t\t\t\t\t<\/li>\n\t\t\t\t\t\t\t\t\t\t<li class=\"page-item \">\n\t\t\t\t\t\t<span class=\"page-link dots\">\u2026<\/span>\t\t\t\t\t<\/li>\n\t\t\t\t\t\t\t\t\t\t<li class=\"page-item \">\n\t\t\t\t\t\t<a class=\"page-link\" href=\"https:\/\/repository.volare-project.eu\/fr\/wp-json\/wp\/v2\/pages\/3308\/page\/10\/\">10<\/a>\t\t\t\t\t<\/li>\n\t\t\t\t\t\t\t\t\t\t<li class=\"page-item \">\n\t\t\t\t\t\t<a class=\"next page-link\" href=\"https:\/\/repository.volare-project.eu\/fr\/wp-json\/wp\/v2\/pages\/3308\/page\/2\/\">&raquo;<\/a>\t\t\t\t\t<\/li>\n\t\t\t\t\t\t\t\t<\/ul>\n\t\t<\/nav>\n\t<\/div>\n\t\t\t\t\t\t\t\t\t<\/div>\r\n\t\t\t\t\t\t\t<\/div>\r\n\t\t\t\t\t\t\t\r\n\t\t\t\t\t\t<\/div>\r\n\t\t\t\t\t<\/div>\r\n\t\t\t\t\t\r\n\t\t\t\t\t\r\n\t\t\t\t\t\r\n\t\t\t\t\r\n\r\n\t\t\t<\/div><!-- .row -->\r\n\t\t\r\n\t\t\t\r\n\r\n\t\t<\/div>\t\r\n\t<\/div>\r\n\r\n\n","protected":false},"excerpt":{"rendered":"Le film pr\u00e9sente le quotidien d'une \u00e9cole qui utilise les techniques de Frenet. Nous suivons la classe, lieu de rencontre quotidien des enfants, et d'autres aspects du processus \u00e9ducatif : la cour, le jardin scolaire, la communaut\u00e9, la correspondance, ainsi que les sorties des enfants dans des lieux plus \u00e9loign\u00e9s.","protected":false},"author":1,"featured_media":0,"parent":0,"menu_order":0,"comment_status":"closed","ping_status":"closed","template":"page-templates\/no-title.php","meta":{"_acf_changed":false,"footnotes":""},"class_list":["post-3308","page","type-page","status-publish","hentry"],"acf":[],"yoast_head":"<!-- This site is optimized with the Yoast SEO plugin v26.2 - https:\/\/yoast.com\/wordpress\/plugins\/seo\/ -->\n<title>D\u00e9p\u00f4t - Volare Repositroy<\/title>\n<meta name=\"robots\" content=\"index, follow, max-snippet:-1, max-image-preview:large, max-video-preview:-1\" \/>\n<link rel=\"canonical\" href=\"https:\/\/repository.volare-project.eu\/fr\/repository\/\" \/>\n<meta property=\"og:locale\" content=\"fr_FR\" \/>\n<meta property=\"og:type\" content=\"article\" \/>\n<meta property=\"og:title\" content=\"D\u00e9p\u00f4t - Volare Repositroy\" \/>\n<meta property=\"og:url\" content=\"https:\/\/repository.volare-project.eu\/fr\/repository\/\" \/>\n<meta property=\"og:site_name\" content=\"Volare Repositroy\" \/>\n<meta property=\"article:modified_time\" content=\"2025-07-09T14:58:19+00:00\" \/>\n<meta name=\"twitter:card\" content=\"summary_large_image\" \/>\n<meta name=\"twitter:label1\" content=\"Dur\u00e9e de lecture estim\u00e9e\" \/>\n\t<meta name=\"twitter:data1\" content=\"1 minute\" \/>\n<script type=\"application\/ld+json\" class=\"yoast-schema-graph\">{\"@context\":\"https:\/\/schema.org\",\"@graph\":[{\"@type\":\"WebPage\",\"@id\":\"https:\/\/repository.volare-project.eu\/fr\/repository\/\",\"url\":\"https:\/\/repository.volare-project.eu\/fr\/repository\/\",\"name\":\"D\u00e9p\u00f4t - Volare Repositroy\",\"isPartOf\":{\"@id\":\"https:\/\/repository.volare-project.eu\/#website\"},\"datePublished\":\"2025-06-16T12:22:19+00:00\",\"dateModified\":\"2025-07-09T14:58:19+00:00\",\"breadcrumb\":{\"@id\":\"https:\/\/repository.volare-project.eu\/fr\/repository\/#breadcrumb\"},\"inLanguage\":\"fr-FR\",\"potentialAction\":[{\"@type\":\"ReadAction\",\"target\":[\"https:\/\/repository.volare-project.eu\/fr\/repository\/\"]}]},{\"@type\":\"BreadcrumbList\",\"@id\":\"https:\/\/repository.volare-project.eu\/fr\/repository\/#breadcrumb\",\"itemListElement\":[{\"@type\":\"ListItem\",\"position\":1,\"name\":\"Home\",\"item\":\"https:\/\/repository.volare-project.eu\/fr\/\"},{\"@type\":\"ListItem\",\"position\":2,\"name\":\"D\u00e9p\u00f4t\"}]},{\"@type\":\"WebSite\",\"@id\":\"https:\/\/repository.volare-project.eu\/#website\",\"url\":\"https:\/\/repository.volare-project.eu\/\",\"name\":\"Volare Repositroy\",\"description\":\"\",\"publisher\":{\"@id\":\"https:\/\/repository.volare-project.eu\/#organization\"},\"potentialAction\":[{\"@type\":\"SearchAction\",\"target\":{\"@type\":\"EntryPoint\",\"urlTemplate\":\"https:\/\/repository.volare-project.eu\/?s={search_term_string}\"},\"query-input\":{\"@type\":\"PropertyValueSpecification\",\"valueRequired\":true,\"valueName\":\"search_term_string\"}}],\"inLanguage\":\"fr-FR\"},{\"@type\":\"Organization\",\"@id\":\"https:\/\/repository.volare-project.eu\/#organization\",\"name\":\"Volare Repositroy\",\"url\":\"https:\/\/repository.volare-project.eu\/\",\"logo\":{\"@type\":\"ImageObject\",\"inLanguage\":\"fr-FR\",\"@id\":\"https:\/\/repository.volare-project.eu\/#\/schema\/logo\/image\/\",\"url\":\"https:\/\/repository.volare-project.eu\/wp-content\/uploads\/2024\/05\/logo-volare.png\",\"contentUrl\":\"https:\/\/repository.volare-project.eu\/wp-content\/uploads\/2024\/05\/logo-volare.png\",\"width\":400,\"height\":285,\"caption\":\"Volare Repositroy\"},\"image\":{\"@id\":\"https:\/\/repository.volare-project.eu\/#\/schema\/logo\/image\/\"}}]}<\/script>\n<!-- \/ Yoast SEO plugin. -->","yoast_head_json":{"title":"D\u00e9p\u00f4t - Volare Repositroy","robots":{"index":"index","follow":"follow","max-snippet":"max-snippet:-1","max-image-preview":"max-image-preview:large","max-video-preview":"max-video-preview:-1"},"canonical":"https:\/\/repository.volare-project.eu\/fr\/repository\/","og_locale":"fr_FR","og_type":"article","og_title":"D\u00e9p\u00f4t - Volare Repositroy","og_url":"https:\/\/repository.volare-project.eu\/fr\/repository\/","og_site_name":"Volare Repositroy","article_modified_time":"2025-07-09T14:58:19+00:00","twitter_card":"summary_large_image","twitter_misc":{"Dur\u00e9e de lecture estim\u00e9e":"1 minute"},"schema":{"@context":"https:\/\/schema.org","@graph":[{"@type":"WebPage","@id":"https:\/\/repository.volare-project.eu\/fr\/repository\/","url":"https:\/\/repository.volare-project.eu\/fr\/repository\/","name":"D\u00e9p\u00f4t - Volare Repositroy","isPartOf":{"@id":"https:\/\/repository.volare-project.eu\/#website"},"datePublished":"2025-06-16T12:22:19+00:00","dateModified":"2025-07-09T14:58:19+00:00","breadcrumb":{"@id":"https:\/\/repository.volare-project.eu\/fr\/repository\/#breadcrumb"},"inLanguage":"fr-FR","potentialAction":[{"@type":"ReadAction","target":["https:\/\/repository.volare-project.eu\/fr\/repository\/"]}]},{"@type":"BreadcrumbList","@id":"https:\/\/repository.volare-project.eu\/fr\/repository\/#breadcrumb","itemListElement":[{"@type":"ListItem","position":1,"name":"Home","item":"https:\/\/repository.volare-project.eu\/fr\/"},{"@type":"ListItem","position":2,"name":"D\u00e9p\u00f4t"}]},{"@type":"WebSite","@id":"https:\/\/repository.volare-project.eu\/#website","url":"https:\/\/repository.volare-project.eu\/","name":"Volare Repositroy","description":"","publisher":{"@id":"https:\/\/repository.volare-project.eu\/#organization"},"potentialAction":[{"@type":"SearchAction","target":{"@type":"EntryPoint","urlTemplate":"https:\/\/repository.volare-project.eu\/?s={search_term_string}"},"query-input":{"@type":"PropertyValueSpecification","valueRequired":true,"valueName":"search_term_string"}}],"inLanguage":"fr-FR"},{"@type":"Organization","@id":"https:\/\/repository.volare-project.eu\/#organization","name":"Volare Repositroy","url":"https:\/\/repository.volare-project.eu\/","logo":{"@type":"ImageObject","inLanguage":"fr-FR","@id":"https:\/\/repository.volare-project.eu\/#\/schema\/logo\/image\/","url":"https:\/\/repository.volare-project.eu\/wp-content\/uploads\/2024\/05\/logo-volare.png","contentUrl":"https:\/\/repository.volare-project.eu\/wp-content\/uploads\/2024\/05\/logo-volare.png","width":400,"height":285,"caption":"Volare Repositroy"},"image":{"@id":"https:\/\/repository.volare-project.eu\/#\/schema\/logo\/image\/"}}]}},"_links":{"self":[{"href":"https:\/\/repository.volare-project.eu\/fr\/wp-json\/wp\/v2\/pages\/3308","targetHints":{"allow":["GET"]}}],"collection":[{"href":"https:\/\/repository.volare-project.eu\/fr\/wp-json\/wp\/v2\/pages"}],"about":[{"href":"https:\/\/repository.volare-project.eu\/fr\/wp-json\/wp\/v2\/types\/page"}],"author":[{"embeddable":true,"href":"https:\/\/repository.volare-project.eu\/fr\/wp-json\/wp\/v2\/users\/1"}],"replies":[{"embeddable":true,"href":"https:\/\/repository.volare-project.eu\/fr\/wp-json\/wp\/v2\/comments?post=3308"}],"version-history":[{"count":1,"href":"https:\/\/repository.volare-project.eu\/fr\/wp-json\/wp\/v2\/pages\/3308\/revisions"}],"predecessor-version":[{"id":3312,"href":"https:\/\/repository.volare-project.eu\/fr\/wp-json\/wp\/v2\/pages\/3308\/revisions\/3312"}],"wp:attachment":[{"href":"https:\/\/repository.volare-project.eu\/fr\/wp-json\/wp\/v2\/media?parent=3308"}],"curies":[{"name":"wp","href":"https:\/\/api.w.org\/{rel}","templated":true}]}}